{"id":7265,"date":"2022-08-29T12:43:45","date_gmt":"2022-08-29T10:43:45","guid":{"rendered":"https:\/\/jcarrero.com\/artists\/"},"modified":"2022-09-05T12:34:01","modified_gmt":"2022-09-05T10:34:01","slug":"artists","status":"publish","type":"page","link":"https:\/\/jcarrero.com\/en\/artists\/","title":{"rendered":"Artists"},"content":{"rendered":"<div class=\"wpb-content-wrapper\"><p>[vc_row row_content_width=&#8221;grid&#8221; css=&#8221;.vc_custom_1559812573114{padding-top: 10% !important;padding-bottom: 6% !important;}&#8221;][vc_column]<div class=\"edgtf-elements-holder   edgtf-one-column  edgtf-responsive-mode-768 \" ><div class=\"edgtf-eh-item    \"  data-item-class=\"edgtf-eh-custom-2571\" data-1367-1600=\"0px 41% 0px 0px\" data-1025-1366=\"0px 32% 0px 0px\" data-769-1024=\"0px 25% 0px 0px\" data-681-768=\"0px 0 0px 0px\" data-680=\"0px 0px 0px 0px\">\n    <div class=\"edgtf-eh-item-inner\">\n        <div class=\"edgtf-eh-item-content edgtf-eh-custom-2571\" style=\"padding: 0px 42% 0px 0px\">\n            [vc_column_text]<\/p>\n<h1>Artists<\/h1>\n<p>[\/vc_column_text][vc_empty_space][vc_column_text el_class=&#8221;h4responsive&#8221;]<\/p>\n<h4>ENRIQUE JIM\u00c9NEZ CARRERO<\/h4>\n<p>[\/vc_column_text][vc_empty_space]<div class=\"edgtf-single-image-holder   \">\n    <div class=\"edgtf-si-inner\" >\n                                            <img loading=\"lazy\" decoding=\"async\" width=\"2560\" height=\"1430\" src=\"https:\/\/jcarrero.com\/wp-content\/uploads\/2019\/04\/biografia-jcarrero-blanco-negro-retrato-2.jpg\" class=\"attachment-full size-full\" alt=\"\" srcset=\"https:\/\/jcarrero.com\/wp-content\/uploads\/2019\/04\/biografia-jcarrero-blanco-negro-retrato-2.jpg 2560w, https:\/\/jcarrero.com\/wp-content\/uploads\/2019\/04\/biografia-jcarrero-blanco-negro-retrato-2-600x335.jpg 600w, https:\/\/jcarrero.com\/wp-content\/uploads\/2019\/04\/biografia-jcarrero-blanco-negro-retrato-2-300x168.jpg 300w, https:\/\/jcarrero.com\/wp-content\/uploads\/2019\/04\/biografia-jcarrero-blanco-negro-retrato-2-768x429.jpg 768w, https:\/\/jcarrero.com\/wp-content\/uploads\/2019\/04\/biografia-jcarrero-blanco-negro-retrato-2-1024x572.jpg 1024w\" sizes=\"auto, (max-width: 2560px) 100vw, 2560px\" \/>                                    <\/div>\n<\/div>[vc_empty_space][vc_column_text el_class=&#8221;h4responsive&#8221; css=&#8221;.vc_custom_1662373910871{padding-bottom: 5% !important;}&#8221;]<\/p>\n<h4 style=\"text-align: left;\">BIOGRAPHY<\/h4>\n<p>[\/vc_column_text][vc_tta_accordion active_section=&#8221;0&#8243; collapsible_all=&#8221;true&#8221;][vc_tta_section title=&#8221;Enrique Jim\u00e9nez Carrero&#8221; tab_id=&#8221;1650621087667-51787f24-c31c&#8221;][vc_single_image image=&#8221;7071&#8243; img_size=&#8221;25 x 25&#8243; onclick=&#8221;custom_link&#8221; link=&#8221;https:\/\/www.instagram.com\/jcarrero_art\/&#8221;][vc_empty_space height=&#8221;12px&#8221;][vc_column_text]<span style=\"font-weight: 400;\">He is from Extremadura, a native of Granadilla (C\u00e1ceres), where he was born on 18 March 1953.<\/span><\/p>\n<p><span style=\"font-weight: 400;\">He received his artistic training at the Escuela de Bellas Artes de Santa Cruz de Tenerife and the Escuela Superior de Bellas Artes de San Fernando, Madrid, where he resided and pursued his professional career from 1979 onwards, but without losing the close ties that bind him to his native land.<\/span><\/p>\n<p><span style=\"font-weight: 400;\">Since 1974 his work has been exhibited in more than 70 solo exhibitions in museums, galleries and other cultural venues. In 2005 he was named Adoptive Son of Plasencia, tourist ambassador of the city and town crier of its June Fair and Festivities in 2007; he was also awarded the prize for dissemination by the Association of Municipalities of Trasierra-Tierras de Granadilla in 2009 for his exhibition &#8220;When Granadilla&#8221;; in 2010 he was named Favourite Son of the town of Alag\u00f3n del R\u00edo, a town founded by the ancient inhabitants of Granadilla.<\/span><\/p>\n<p><span style=\"font-weight: 400;\">Today part of his work remains in art galleries such as the Fujit Museum in Tokyo, the Fine Arts Museums of Albacete, Santander and Badajoz, and the Postal and Telegraph Museum in Madrid. In addition, in the cultural collections of the Provincial Councils of La Coru\u00f1a, Albacete and Badajoz; the Town Councils of Plasencia, M\u00f3stoles, Legan\u00e9s, Puertollano and La Coru\u00f1a; The savings banks of Extremadura, Zamora, Salamanca, Municipal de Pamplona, Albacete, Toledo, Caja Postal de Ahorros, Rural del Jal\u00f3n-Zaragoza, Valencia, Badajoz and Duero; MAPFRE Badajoz, Real Casa de la Moneda y Timbre, Asamblea de Extremadura and other public and private collections in Spain, France, Germany, USA, Mexico, Colombia, Colombia, Spain and the United States. USA, Mexico, Colombia, England, Italy and Qatar.<\/span>[\/vc_column_text][\/vc_tta_section][\/vc_tta_accordion]        <\/div>\n    <\/div>\n<\/div><\/div>[\/vc_column][\/vc_row][vc_row row_content_width=&#8221;grid&#8221; css=&#8221;.vc_custom_1559812573114{padding-top: 10% !important;padding-bottom: 6% !important;}&#8221;][vc_column]<div class=\"edgtf-elements-holder   edgtf-one-column  edgtf-responsive-mode-768 \" ><div class=\"edgtf-eh-item    \"  data-item-class=\"edgtf-eh-custom-6878\" data-1367-1600=\"0px 41% 0px 0px\" data-1025-1366=\"0px 32% 0px 0px\" data-769-1024=\"0px 25% 0px 0px\" data-681-768=\"0px 0 0px 0px\" data-680=\"0px 0px 0px 0px\">\n    <div class=\"edgtf-eh-item-inner\">\n        <div class=\"edgtf-eh-item-content edgtf-eh-custom-6878\" style=\"padding: 0px 42% 0px 0px\">\n            [vc_column_text el_class=&#8221;h4responsive&#8221;]<\/p>\n<h4>MISTERPIRO<\/h4>\n<p>[\/vc_column_text][vc_empty_space]<div class=\"edgtf-single-image-holder   \">\n    <div class=\"edgtf-si-inner\" >\n                                            <img loading=\"lazy\" decoding=\"async\" width=\"2048\" height=\"1143\" src=\"https:\/\/jcarrero.com\/wp-content\/uploads\/2022\/04\/RETRATO-ARTURO-DE-LUCAS.jpg\" class=\"attachment-full size-full\" alt=\"\" srcset=\"https:\/\/jcarrero.com\/wp-content\/uploads\/2022\/04\/RETRATO-ARTURO-DE-LUCAS.jpg 2048w, https:\/\/jcarrero.com\/wp-content\/uploads\/2022\/04\/RETRATO-ARTURO-DE-LUCAS-600x335.jpg 600w, https:\/\/jcarrero.com\/wp-content\/uploads\/2022\/04\/RETRATO-ARTURO-DE-LUCAS-300x167.jpg 300w, https:\/\/jcarrero.com\/wp-content\/uploads\/2022\/04\/RETRATO-ARTURO-DE-LUCAS-768x429.jpg 768w, https:\/\/jcarrero.com\/wp-content\/uploads\/2022\/04\/RETRATO-ARTURO-DE-LUCAS-1024x572.jpg 1024w\" sizes=\"auto, (max-width: 2048px) 100vw, 2048px\" \/>                                    <\/div>\n<\/div>[vc_empty_space][vc_column_text el_class=&#8221;h4responsive&#8221; css=&#8221;.vc_custom_1662373947737{padding-bottom: 5% !important;}&#8221;]<\/p>\n<h4 style=\"text-align: left;\">BIOGRAPHY<\/h4>\n<p>[\/vc_column_text][vc_tta_accordion active_section=&#8221;0&#8243; collapsible_all=&#8221;true&#8221;][vc_tta_section title=&#8221;Misterpiro&#8221; tab_id=&#8221;1650626253583-1a76f61d-4741&#8243;][vc_single_image image=&#8221;7071&#8243; img_size=&#8221;25 x 25&#8243; onclick=&#8221;custom_link&#8221; link=&#8221;https:\/\/www.instagram.com\/misterpiro\/?hl=es&#8221;][vc_empty_space height=&#8221;12px&#8221;][vc_column_text]<span style=\"font-weight: 400;\">Misterpiro, visual\/urban artist. Graduated from University Complutense de Madrid in Design. Presently living in Madrid, although his work often takes him out of the country.<\/span><\/p>\n<p><span style=\"font-weight: 400;\">He started in the streets with graffiti, later he followed on with watercolours, acrylic and water-based techniques in his studio. He worked until he has succeeded in uniting the two such contrary techniques in a unique style, full of life and colour, that goes from the most hot red to the most electric turquoise. Taking the delicate style of the watercolour to the street, to the new support of the external wall that has so little to do with the paper upon which he makes his most delicate works.<\/span><\/p>\n<p><span style=\"font-weight: 400;\">His technique is based upon improvisation, where the aggressive quality of spray and the delicacy of watercolour mix in every type of support. Works where the fluidity of water and the volatility of the atmosphere fill with expression and light a world which makes us travel from the figurative to complete abstraction.<\/span>[\/vc_column_text][\/vc_tta_section][\/vc_tta_accordion]        <\/div>\n    <\/div>\n<\/div><\/div>[\/vc_column][\/vc_row][vc_row row_content_width=&#8221;grid&#8221; css=&#8221;.vc_custom_1559812573114{padding-top: 10% !important;padding-bottom: 6% !important;}&#8221;][vc_column]<div class=\"edgtf-elements-holder   edgtf-one-column  edgtf-responsive-mode-768 \" ><div class=\"edgtf-eh-item    \"  data-item-class=\"edgtf-eh-custom-8104\" data-1367-1600=\"0px 41% 0px 0px\" data-1025-1366=\"0px 32% 0px 0px\" data-769-1024=\"0px 25% 0px 0px\" data-681-768=\"0px 0 0px 0px\" data-680=\"0px 0px 0px 0px\">\n    <div class=\"edgtf-eh-item-inner\">\n        <div class=\"edgtf-eh-item-content edgtf-eh-custom-8104\" style=\"padding: 0px 42% 0px 0px\">\n            [vc_column_text el_class=&#8221;h4responsive&#8221;]<\/p>\n<h4>JAIME SUMMERS<\/h4>\n<p>[\/vc_column_text][vc_empty_space]<div class=\"edgtf-single-image-holder   \">\n    <div class=\"edgtf-si-inner\" >\n                                            <img loading=\"lazy\" decoding=\"async\" width=\"2048\" height=\"1143\" src=\"https:\/\/jcarrero.com\/wp-content\/uploads\/2022\/04\/image_6483441-1.jpg\" class=\"attachment-full size-full\" alt=\"\" srcset=\"https:\/\/jcarrero.com\/wp-content\/uploads\/2022\/04\/image_6483441-1.jpg 2048w, https:\/\/jcarrero.com\/wp-content\/uploads\/2022\/04\/image_6483441-1-600x335.jpg 600w, https:\/\/jcarrero.com\/wp-content\/uploads\/2022\/04\/image_6483441-1-300x167.jpg 300w, https:\/\/jcarrero.com\/wp-content\/uploads\/2022\/04\/image_6483441-1-768x429.jpg 768w, https:\/\/jcarrero.com\/wp-content\/uploads\/2022\/04\/image_6483441-1-1024x572.jpg 1024w\" sizes=\"auto, (max-width: 2048px) 100vw, 2048px\" \/>                                    <\/div>\n<\/div>[vc_empty_space][vc_column_text el_class=&#8221;h4responsive&#8221; css=&#8221;.vc_custom_1662373977437{padding-bottom: 5% !important;}&#8221;]<\/p>\n<h4 style=\"text-align: left;\">BIOGRAPHY<\/h4>\n<p>[\/vc_column_text][vc_tta_accordion active_section=&#8221;0&#8243; collapsible_all=&#8221;true&#8221;][vc_tta_section title=&#8221;Jaime Summers&#8221; tab_id=&#8221;1650626596843-ce3fabc7-61ee&#8221;][vc_single_image image=&#8221;7071&#8243; img_size=&#8221;25 x 25&#8243; onclick=&#8221;custom_link&#8221; link=&#8221;https:\/\/www.instagram.com\/summersjaime\/&#8221;][vc_empty_space height=&#8221;12px&#8221;][vc_column_text]<span style=\"font-weight: 400;\">Jaime Summers is a composer and producer born in Madrid. He develops his activity with his own brand, Lo-Fi Studios, always between two worlds: the audiovisual and the recording, achieving a duality and an eclectic style in which he drinks from many sources and requires him to be constantly renewing himself. He writes music for advertising campaigns collaborating with brands such as Renault, M\u00e1sM\u00f3vil, Ikea, CocaCola, Correos, Smart, Fanta or Campofr\u00edo and series such as El Vecino or Brigada Costa del Sol. He also works with artists such as Rosal\u00eda, Fangoria, Marta S\u00e1nchez, Miki N\u00fa\u00f1ez, Ricky Merino, Agoney, Marlango, Pol 3.14 or Marta Sango. <\/span><\/p>\n<p><span style=\"font-weight: 400;\">The challenge of collaborating with Jim\u00e9nez Carrero and Misterpiro in this multimedia proposal is an incentive in a first approach to the world of art in which the musical setting is mixed with cinematic music, giving emotions and energy to the works.<\/span>[\/vc_column_text][\/vc_tta_section][\/vc_tta_accordion]        <\/div>\n    <\/div>\n<\/div><\/div>[\/vc_column][\/vc_row][vc_row disable_element=&#8221;yes&#8221; row_content_width=&#8221;grid&#8221;][vc_column][vc_empty_space height=&#8221;50px&#8221;]<div class=\"edgtf-testimonials-holder clearfix edgtf-testimonials-has-navigation\">\n    <div class=\"edgtf-testimonials edgtf-owl-slider\" data-number-of-items=\"1\" data-enable-loop=\"yes\" data-enable-autoplay=\"yes\" data-slider-speed=\"5000\" data-slider-speed-animation=\"600\" data-enable-navigation=\"yes\" data-enable-pagination=\"no\">\n\n        Sorry, no posts matched your criteria.\n    <\/div>\n<\/div>[vc_empty_space height=&#8221;40px&#8221;][\/vc_column][\/vc_row][vc_row row_content_width=&#8221;grid&#8221; css=&#8221;.vc_custom_1555491015345{padding-left: 40px !important;}&#8221;][vc_column][vc_empty_space height=&#8221;40px&#8221;]<a itemprop=\"url\" href=\"https:\/\/jcarrero.com\/en\/altarpiece-passion-and-life\/\" target=\"_self\"  class=\"edgtf-btn edgtf-btn-medium edgtf-btn-outline btnresponsive\"  >\n            <span class=\"edgtf-btn-text\">Altarpiece - Passion and Life<\/span>\n            <\/a>[\/vc_column][\/vc_row]<\/p>\n<\/div>","protected":false},"excerpt":{"rendered":"<p>[vc_row row_content_width=&#8221;grid&#8221; css=&#8221;.vc_custom_1559812573114{padding-top: 10% !important;padding-bottom: 6% !important;}&#8221;][vc_column][\/vc_column][\/vc_row][vc_row row_content_width=&#8221;grid&#8221; css=&#8221;.vc_custom_1559812573114{padding-top: 10% !important;padding-bottom: 6% !important;}&#8221;][vc_column][\/vc_column][\/vc_row][vc_row row_content_width=&#8221;grid&#8221; css=&#8221;.vc_custom_1559812573114{padding-top: 10% !important;padding-bottom: 6% !important;}&#8221;][vc_column][\/vc_column][\/vc_row][vc_row disable_element=&#8221;yes&#8221; row_content_width=&#8221;grid&#8221;][vc_column][vc_empty_space height=&#8221;50px&#8221;][vc_empty_space height=&#8221;40px&#8221;][\/vc_column][\/vc_row][vc_row row_content_width=&#8221;grid&#8221; css=&#8221;.vc_custom_1555491015345{padding-left: 40px !important;}&#8221;][vc_column][vc_empty_space height=&#8221;40px&#8221;][\/vc_column][\/vc_row]<\/p>\n","protected":false},"author":1,"featured_media":0,"parent":0,"menu_order":0,"comment_status":"closed","ping_status":"closed","template":"full-width.php","meta":{"footnotes":""},"class_list":["post-7265","page","type-page","status-publish","hentry"],"yoast_head":"<!-- This site is optimized with the Yoast SEO plugin v27.3 - https:\/\/yoast.com\/product\/yoast-seo-wordpress\/ -->\n<title>Artists - JCarrero - Obras de Arte y Escultura<\/title>\n<meta name=\"robots\" content=\"index, follow, max-snippet:-1, max-image-preview:large, max-video-preview:-1\" \/>\n<link rel=\"canonical\" href=\"https:\/\/jcarrero.com\/en\/artists\/\" \/>\n<meta property=\"og:locale\" content=\"en_US\" \/>\n<meta property=\"og:type\" content=\"article\" \/>\n<meta property=\"og:title\" content=\"Artists - JCarrero - Obras de Arte y Escultura\" \/>\n<meta property=\"og:description\" content=\"[vc_row row_content_width=&#8221;grid&#8221; css=&#8221;.vc_custom_1559812573114{padding-top: 10% !important;padding-bottom: 6% !important;}&#8221;][vc_column][\/vc_column][\/vc_row][vc_row row_content_width=&#8221;grid&#8221; css=&#8221;.vc_custom_1559812573114{padding-top: 10% !important;padding-bottom: 6% !important;}&#8221;][vc_column][\/vc_column][\/vc_row][vc_row row_content_width=&#8221;grid&#8221; css=&#8221;.vc_custom_1559812573114{padding-top: 10% !important;padding-bottom: 6% !important;}&#8221;][vc_column][\/vc_column][\/vc_row][vc_row disable_element=&#8221;yes&#8221; row_content_width=&#8221;grid&#8221;][vc_column][vc_empty_space height=&#8221;50px&#8221;][vc_empty_space height=&#8221;40px&#8221;][\/vc_column][\/vc_row][vc_row row_content_width=&#8221;grid&#8221; css=&#8221;.vc_custom_1555491015345{padding-left: 40px !important;}&#8221;][vc_column][vc_empty_space height=&#8221;40px&#8221;][\/vc_column][\/vc_row]\" \/>\n<meta property=\"og:url\" content=\"https:\/\/jcarrero.com\/en\/artists\/\" \/>\n<meta property=\"og:site_name\" content=\"JCarrero - Obras de Arte y Escultura\" \/>\n<meta property=\"article:modified_time\" content=\"2022-09-05T10:34:01+00:00\" \/>\n<meta name=\"twitter:card\" content=\"summary_large_image\" \/>\n<meta name=\"twitter:label1\" content=\"Est. reading time\" \/>\n\t<meta name=\"twitter:data1\" content=\"7 minutes\" \/>\n<script type=\"application\/ld+json\" class=\"yoast-schema-graph\">{\"@context\":\"https:\\\/\\\/schema.org\",\"@graph\":[{\"@type\":\"WebPage\",\"@id\":\"https:\\\/\\\/jcarrero.com\\\/en\\\/artists\\\/\",\"url\":\"https:\\\/\\\/jcarrero.com\\\/en\\\/artists\\\/\",\"name\":\"Artists - JCarrero - Obras de Arte y Escultura\",\"isPartOf\":{\"@id\":\"https:\\\/\\\/jcarrero.com\\\/#website\"},\"datePublished\":\"2022-08-29T10:43:45+00:00\",\"dateModified\":\"2022-09-05T10:34:01+00:00\",\"breadcrumb\":{\"@id\":\"https:\\\/\\\/jcarrero.com\\\/en\\\/artists\\\/#breadcrumb\"},\"inLanguage\":\"en-US\",\"potentialAction\":[{\"@type\":\"ReadAction\",\"target\":[\"https:\\\/\\\/jcarrero.com\\\/en\\\/artists\\\/\"]}]},{\"@type\":\"BreadcrumbList\",\"@id\":\"https:\\\/\\\/jcarrero.com\\\/en\\\/artists\\\/#breadcrumb\",\"itemListElement\":[{\"@type\":\"ListItem\",\"position\":1,\"name\":\"Portada\",\"item\":\"https:\\\/\\\/jcarrero.com\\\/en\\\/\"},{\"@type\":\"ListItem\",\"position\":2,\"name\":\"Artists\"}]},{\"@type\":\"WebSite\",\"@id\":\"https:\\\/\\\/jcarrero.com\\\/#website\",\"url\":\"https:\\\/\\\/jcarrero.com\\\/\",\"name\":\"JCarrero - Obras de Arte y Escultura\",\"description\":\"JCarrero es un pintor y escultor espa\u00f1ol natural de Granadilla.\",\"potentialAction\":[{\"@type\":\"SearchAction\",\"target\":{\"@type\":\"EntryPoint\",\"urlTemplate\":\"https:\\\/\\\/jcarrero.com\\\/?s={search_term_string}\"},\"query-input\":{\"@type\":\"PropertyValueSpecification\",\"valueRequired\":true,\"valueName\":\"search_term_string\"}}],\"inLanguage\":\"en-US\"}]}<\/script>\n<!-- \/ Yoast SEO plugin. -->","yoast_head_json":{"title":"Artists - JCarrero - Obras de Arte y Escultura","robots":{"index":"index","follow":"follow","max-snippet":"max-snippet:-1","max-image-preview":"max-image-preview:large","max-video-preview":"max-video-preview:-1"},"canonical":"https:\/\/jcarrero.com\/en\/artists\/","og_locale":"en_US","og_type":"article","og_title":"Artists - JCarrero - Obras de Arte y Escultura","og_description":"[vc_row row_content_width=&#8221;grid&#8221; css=&#8221;.vc_custom_1559812573114{padding-top: 10% !important;padding-bottom: 6% !important;}&#8221;][vc_column][\/vc_column][\/vc_row][vc_row row_content_width=&#8221;grid&#8221; css=&#8221;.vc_custom_1559812573114{padding-top: 10% !important;padding-bottom: 6% !important;}&#8221;][vc_column][\/vc_column][\/vc_row][vc_row row_content_width=&#8221;grid&#8221; css=&#8221;.vc_custom_1559812573114{padding-top: 10% !important;padding-bottom: 6% !important;}&#8221;][vc_column][\/vc_column][\/vc_row][vc_row disable_element=&#8221;yes&#8221; row_content_width=&#8221;grid&#8221;][vc_column][vc_empty_space height=&#8221;50px&#8221;][vc_empty_space height=&#8221;40px&#8221;][\/vc_column][\/vc_row][vc_row row_content_width=&#8221;grid&#8221; css=&#8221;.vc_custom_1555491015345{padding-left: 40px !important;}&#8221;][vc_column][vc_empty_space height=&#8221;40px&#8221;][\/vc_column][\/vc_row]","og_url":"https:\/\/jcarrero.com\/en\/artists\/","og_site_name":"JCarrero - Obras de Arte y Escultura","article_modified_time":"2022-09-05T10:34:01+00:00","twitter_card":"summary_large_image","twitter_misc":{"Est. reading time":"7 minutes"},"schema":{"@context":"https:\/\/schema.org","@graph":[{"@type":"WebPage","@id":"https:\/\/jcarrero.com\/en\/artists\/","url":"https:\/\/jcarrero.com\/en\/artists\/","name":"Artists - JCarrero - Obras de Arte y Escultura","isPartOf":{"@id":"https:\/\/jcarrero.com\/#website"},"datePublished":"2022-08-29T10:43:45+00:00","dateModified":"2022-09-05T10:34:01+00:00","breadcrumb":{"@id":"https:\/\/jcarrero.com\/en\/artists\/#breadcrumb"},"inLanguage":"en-US","potentialAction":[{"@type":"ReadAction","target":["https:\/\/jcarrero.com\/en\/artists\/"]}]},{"@type":"BreadcrumbList","@id":"https:\/\/jcarrero.com\/en\/artists\/#breadcrumb","itemListElement":[{"@type":"ListItem","position":1,"name":"Portada","item":"https:\/\/jcarrero.com\/en\/"},{"@type":"ListItem","position":2,"name":"Artists"}]},{"@type":"WebSite","@id":"https:\/\/jcarrero.com\/#website","url":"https:\/\/jcarrero.com\/","name":"JCarrero - Obras de Arte y Escultura","description":"JCarrero es un pintor y escultor espa\u00f1ol natural de Granadilla.","potentialAction":[{"@type":"SearchAction","target":{"@type":"EntryPoint","urlTemplate":"https:\/\/jcarrero.com\/?s={search_term_string}"},"query-input":{"@type":"PropertyValueSpecification","valueRequired":true,"valueName":"search_term_string"}}],"inLanguage":"en-US"}]}},"_links":{"self":[{"href":"https:\/\/jcarrero.com\/en\/wp-json\/wp\/v2\/pages\/7265","targetHints":{"allow":["GET"]}}],"collection":[{"href":"https:\/\/jcarrero.com\/en\/wp-json\/wp\/v2\/pages"}],"about":[{"href":"https:\/\/jcarrero.com\/en\/wp-json\/wp\/v2\/types\/page"}],"author":[{"embeddable":true,"href":"https:\/\/jcarrero.com\/en\/wp-json\/wp\/v2\/users\/1"}],"replies":[{"embeddable":true,"href":"https:\/\/jcarrero.com\/en\/wp-json\/wp\/v2\/comments?post=7265"}],"version-history":[{"count":4,"href":"https:\/\/jcarrero.com\/en\/wp-json\/wp\/v2\/pages\/7265\/revisions"}],"predecessor-version":[{"id":7554,"href":"https:\/\/jcarrero.com\/en\/wp-json\/wp\/v2\/pages\/7265\/revisions\/7554"}],"wp:attachment":[{"href":"https:\/\/jcarrero.com\/en\/wp-json\/wp\/v2\/media?parent=7265"}],"curies":[{"name":"wp","href":"https:\/\/api.w.org\/{rel}","templated":true}]}}